{"id":17738,"date":"2022-11-14T16:50:18","date_gmt":"2022-11-14T20:50:18","guid":{"rendered":"http:\/\/wp232190.wpdns.ca\/?post_type=country&#038;p=17738"},"modified":"2026-02-05T14:59:19","modified_gmt":"2026-02-05T19:59:19","slug":"benin","status":"publish","type":"country","link":"https:\/\/suco.org\/es\/paises-de-intervencion\/benin\/","title":{"rendered":"Ben\u00edn"},"content":{"rendered":"\n<section class=\"svg-inside-block\">\n  <h1 class=\"title-preview\">Icon inside block<\/h1>\n  <div class=\"svg-inside-block__preview\">\n          <div class=\"svg-inside-block__icon\">\n        <img decoding=\"async\" src=\"https:\/\/suco.org\/wp-content\/themes\/suco.org\/dist\/images\/svg\/suco-deux-cerles.svg\" alt=\"\">\n      <\/div>\n        <h2 class=\"svg-inside-block__title\">Proyectos en Benin<\/h2>\n  <\/div>\n    <div class=\"svg-inside-block__content\"><\/div>\n<\/section>\n                    \n\n\n<div class=\"block-accordion \">\n    <span class=\"block-accordion__label\">Accordion<\/span>\n    <h3 class=\"block-accordion__title\">ColLAB &#8211; Programa de cooperaci\u00f3n voluntaria (PCV)<\/h3>\n    \n\n<p><strong>Duraci\u00f3n:<\/strong> 8 a\u00f1os (2020-2028)<\/p>\n\n\n\n<p><strong>Donantes: <\/strong>Asuntos Mundiales Canad\u00e1 (AMC)<\/p>\n\n\n\n<p><strong>Organizaciones socias:<\/strong> Association de Lutte pour un D\u00e9veloppement Int\u00e9gr\u00e9 et pour la Protection de l\u2019Environnement (ALDIPE), Association Nationale des Femmes Entrepreneurs Agricoles du BENIN (ANaFEA), Femmes Solidaires pour le D\u00e9veloppement (FSD), Jeunes Volontaires pour l\u2019Environnement (JVE) \u2013 B\u00e9nin, Les Jardins de l\u2019Espoir (JDE), Organisation pour le D\u00e9veloppement Durable et la Biodiversit\u00e9 (ODDB).<\/p>\n\n\n\n<p><strong>Descripci\u00f3n del proyecto:<\/strong> El PCV tiene como objetivo aumentar el desempe\u00f1o de nuestras organizaciones socias locales mediante la implementaci\u00f3n de iniciativas de desarrollo y fortalecimiento de capacidades m\u00e1s inclusivas, innovadoras y sostenibles desde el punto de vista ambiental, y que promuevan la igualdad de g\u00e9nero. \u00a1<a href=\"https:\/\/suco.org\/es\/pasar-a-la-accion\/actuar-a-nivel-internacional\/\">\u00danete al programa como voluntario o voluntaria en Ben\u00edn<\/a>!<\/p>\n\n\n<\/div>\n\n                    \n\n\n<div class=\"block-accordion \">\n    <span class=\"block-accordion__label\">Accordion<\/span>\n    <h3 class=\"block-accordion__title\">Pioneras de la resiliencia ambiental y econ\u00f3mica en Burkina Faso y Ben\u00edn<\/h3>\n    \n\n<p><strong>Duraci\u00f3n:<\/strong> 3 a\u00f1os<\/p>\n\n\n\n<p><strong>Donantes: <\/strong>Asuntos Mundiales Canad\u00e1 (AMC)<\/p>\n\n\n\n<p><strong>Organizaciones socias: <\/strong>L\u2019Association Nationale Des Femmes Entrepreneures Agricoles Du B\u00e9nin (ANaFEA-B\u00e9nin), l\u2019 Association de Lutte pour un D\u00e9veloppement Int\u00e9gr\u00e9 et pour la Protection de l\u2019Environnement (ALDIPE)<\/p>\n\n\n\n<p><strong>Lugares de intervenci\u00f3n:<\/strong> 6 municipios del departamento de Collines: Glazou\u00e9, Savalou, Dassa-Zoum\u00e9, Sav\u00e8, Bant\u00e8 y Ou\u00e8ss\u00e8<\/p>\n\n\n\n<p><strong>Descripci\u00f3n del proyecto:<\/strong> El proyecto <strong>\u00ab<\/strong>Pioneras<strong>\u00bb<\/strong> tiene como objetivo fortalecer el liderazgo transformador de las comunidades para la resiliencia frente al cambio clim\u00e1tico, la preservaci\u00f3n y restauraci\u00f3n de la biodiversidad de los ecosistemas forestales y agroforestales. Se enfoca en reducir las barreras t\u00e9cnicas, informativas y socioculturales que enfrentan las mujeres y las j\u00f3venes (MJJ) de las comunidades vecinas a los ecosistemas seleccionados. Este fortalecimiento de capacidades abarca competencias t\u00e9cnicas en agroforester\u00eda y habilidades de liderazgo transformador.<\/p>\n\n\n<\/div>\n\n                    \n\n\n<div class=\"block-accordion \">\n    <span class=\"block-accordion__label\">Accordion<\/span>\n    <h3 class=\"block-accordion__title\">Proyectos finalizados<\/h3>\n    \n\n<p><strong>Julio 2023 &#8211; Julio 2024: <\/strong><em>Promoci\u00f3n de pr\u00e1cticas agroecol\u00f3gicas resilientes al cambio clim\u00e1tico para mejorar el poder econ\u00f3mico de madres adolescentes y mujeres vulnerables<\/em>, en colaboraci\u00f3n con <strong>Jardin de l\u2019Espoir<\/strong>. Realizado con el apoyo financiero de Asuntos Mundiales Canad\u00e1 a trav\u00e9s del Fondo Innove del PCV 2020-2028.<\/p>\n\n\n\n<p><strong>Diciembre 2023 &#8211; Abril 2024: <\/strong><em>Fortalecimiento de la capacidad de resiliencia y adaptaci\u00f3n al cambio clim\u00e1tico de las comunidades rurales de Kp\u00e9kp\u00e9d\u00e9, en el municipio de Dassa \u2013 fase 2<\/em>, en colaboraci\u00f3n con <strong>ALDIPE<\/strong>. Realizado con el apoyo financiero de la <strong>Fundaci\u00f3n Hunter<\/strong>.<\/p>\n\n\n\n<p><strong>Diciembre 2022 &#8211; Diciembre 2023: <\/strong><em>Fortalecimiento de la autonom\u00eda econ\u00f3mica de j\u00f3venes y mujeres dedicadas a la pesca<\/em>, en colaboraci\u00f3n con <strong>Jeunes Volontaires pour l\u2019Environnement (JVE) B\u00e9nin<\/strong>, en el municipio de Lokossa. Realizado con el apoyo financiero de Asuntos Mundiales Canad\u00e1 a trav\u00e9s del Fondo Innove del PCV 2020-2028.<\/p>\n\n\n\n<p><strong>Diciembre 2022 &#8211; Diciembre 2023: <\/strong><em>Creaci\u00f3n y fortalecimiento de comit\u00e9s escolares con enfoque de g\u00e9nero para la promoci\u00f3n de los derechos de las ni\u00f1as en siete (07) escuelas secundarias p\u00fablicas del municipio de Abomey<\/em>, en colaboraci\u00f3n con <strong>ALDIPE<\/strong>. Realizado con el apoyo financiero de Asuntos Mundiales Canad\u00e1 a trav\u00e9s del Fondo Innove del PCV 2020-2028.<\/p>\n\n\n\n<p><strong>Octubre 2021 &#8211; Octubre 2022:<\/strong><em><strong> <\/strong>Gobernanza ambiental y adaptaci\u00f3n al cambio clim\u00e1tico (GEACC) en Ben\u00edn,<\/em> en colaboraci\u00f3n con <strong>ALDIPE<\/strong>. Realizado con el apoyo financiero de la <strong>Fundaci\u00f3n Trottier<\/strong>.<\/p>\n\n\n\n<p><strong>2020: <\/strong><em>Agroecolog\u00eda y saberes ancestrales para el respeto al medio ambiente<\/em>, en colaboraci\u00f3n con <strong>ALDIPE<\/strong>, como parte del programa Qu\u00e9bec Sans Fronti\u00e8res (QSF). Realizado con el apoyo financiero del <strong>Ministerio de Relaciones Internacionales y de la Francofon\u00eda de Quebec<\/strong>.<\/p>\n\n\n\n<p><strong>2018 &#8211; 2023: <\/strong><em>Programa de pasant\u00edas internacionales para j\u00f3venes (PSIJ)<\/em>. Realizado con el apoyo financiero de <strong>Asuntos Mundiales Canad\u00e1<\/strong>.<\/p>\n\n\n<\/div>\n\n                    \n\n\n\n<section class=\"space-block-preview\">\n<h1 class=\"title-preview\">Block with space<\/h1>\n  <div class=\"space-block__wrapper\">\n    \n  <\/div>\n<\/section>\n\n\n\n<section class=\"light-bg-block\">\n  <h1 class=\"title-preview\">Light background<\/h1>\n  <div class=\"light-bg-block__wrapper\">\n    \n\n<div class=\"wp-block-media-text alignwide is-stacked-on-mobile\"><figure class=\"wp-block-media-text__media\"><img loading=\"lazy\" decoding=\"async\" width=\"1024\" height=\"769\" src=\"https:\/\/suco.org\/wp-content\/uploads\/2021\/08\/Benin_2024_Fonds-innov_Projet-Nyonu-si-JVE_credit-photo-Raymond-KEKE_PXL_20240625_160555949.MP-1-1024x769.jpg\" alt=\"\" class=\"wp-image-22452 size-full\" srcset=\"https:\/\/suco.org\/wp-content\/uploads\/2021\/08\/Benin_2024_Fonds-innov_Projet-Nyonu-si-JVE_credit-photo-Raymond-KEKE_PXL_20240625_160555949.MP-1-1024x769.jpg 1024w, https:\/\/suco.org\/wp-content\/uploads\/2021\/08\/Benin_2024_Fonds-innov_Projet-Nyonu-si-JVE_credit-photo-Raymond-KEKE_PXL_20240625_160555949.MP-1-300x225.jpg 300w, https:\/\/suco.org\/wp-content\/uploads\/2021\/08\/Benin_2024_Fonds-innov_Projet-Nyonu-si-JVE_credit-photo-Raymond-KEKE_PXL_20240625_160555949.MP-1-768x577.jpg 768w, https:\/\/suco.org\/wp-content\/uploads\/2021\/08\/Benin_2024_Fonds-innov_Projet-Nyonu-si-JVE_credit-photo-Raymond-KEKE_PXL_20240625_160555949.MP-1-1536x1154.jpg 1536w, https:\/\/suco.org\/wp-content\/uploads\/2021\/08\/Benin_2024_Fonds-innov_Projet-Nyonu-si-JVE_credit-photo-Raymond-KEKE_PXL_20240625_160555949.MP-1.jpg 1920w\" sizes=\"auto, (max-width: 1024px) 100vw, 1024px\" \/><\/figure><div class=\"wp-block-media-text__content\">\n<section class=\"svg-inside-block\">\n  <h1 class=\"title-preview\">Icon inside block<\/h1>\n  <div class=\"svg-inside-block__preview\">\n          <div class=\"svg-inside-block__icon\">\n        <img decoding=\"async\" src=\"https:\/\/suco.org\/wp-content\/themes\/suco.org\/dist\/images\/svg\/notepad.svg\" alt=\"\">\n      <\/div>\n        <h2 class=\"svg-inside-block__title\">Resultados recientes<\/h2>\n  <\/div>\n    <div class=\"svg-inside-block__content\">\n\n<ul class=\"wp-block-list\">\n<li><strong>Promoci\u00f3n de los beneficios del ahumado mejorado y construcci\u00f3n de hornos mejorados<\/strong>;<\/li>\n\n\n\n<li>Formaciones sobre liderazgo femenino, violencia basada en g\u00e9nero en el \u00e1mbito escolar, acoso sexual, manejo de la higiene menstrual en las escuelas y el derecho a la salud sexual y reproductiva de adolescentes. Estas iniciativas se implementaron a trav\u00e9s de <strong>la creaci\u00f3n de Comit\u00e9s Escolares con Enfoque de G\u00e9nero para promover los derechos de las ni\u00f1as en las escuelas y combatir la violencia basada en g\u00e9nero<\/strong>; <\/li>\n\n\n\n<li><strong>Incremento de las capacidades de las productoras del pueblo de Kpekp\u00e9d\u00e9<\/strong> para implementar pr\u00e1cticas agr\u00edcolas sostenibles y resilientes al cambio clim\u00e1tico, como la creaci\u00f3n de cortafuegos y la gesti\u00f3n de la fertilidad de los suelos.<\/li>\n<\/ul>\n\n<\/div>\n<\/section>\n                    \n<\/div><\/div>\n\n\n  <\/div>\n<\/section>\n\n\n\n<div class=\"wp-block-columns is-layout-flex wp-container-core-columns-is-layout-9d6595d7 wp-block-columns-is-layout-flex\">\n<div class=\"wp-block-column is-layout-flow wp-block-column-is-layout-flow\">\n<section class=\"svg-inside-block\">\n  <h1 class=\"title-preview\">Icon inside block<\/h1>\n  <div class=\"svg-inside-block__preview\">\n          <div class=\"svg-inside-block__icon\">\n        <img decoding=\"async\" src=\"https:\/\/suco.org\/wp-content\/themes\/suco.org\/dist\/images\/svg\/location.svg\" alt=\"\">\n      <\/div>\n        <h2 class=\"svg-inside-block__title\">Resultados que perduran<\/h2>\n  <\/div>\n    <div class=\"svg-inside-block__content\">\n\n<p><strong>50 productores y productoras gestionan 47 hect\u00e1reas de parcelas bajo medidas de manejo sostenible de tierras y adaptaci\u00f3n al cambio clim\u00e1tico.<\/strong> En estas parcelas, se aplican pr\u00e1cticas agroecol\u00f3gicas como el uso de leguminosas como fertilizantes, ya que son plantas de cobertura que permiten la fijaci\u00f3n de nitr\u00f3geno en el suelo.<\/p>\n\n\n\n<p>Estas medidas agroecol\u00f3gicas contribuyen a mejorar la fertilidad del suelo, reducir la erosi\u00f3n, incrementar la vida microbiana, controlar la proliferaci\u00f3n de malezas, mantener la humedad del suelo.<\/p>\n\n<\/div>\n<\/section>\n                    \n<\/div>\n\n\n\n<div class=\"wp-block-column is-layout-flow wp-block-column-is-layout-flow\">\n<figure class=\"wp-block-image size-large\"><img loading=\"lazy\" decoding=\"async\" width=\"1024\" height=\"768\" src=\"https:\/\/suco.org\/wp-content\/uploads\/2024\/12\/Benin_2024_Journee-de-lenvironnement-avec-ODDB_Credit-photo-Melissa-KABRE_PXL_20240605_144348569_2-1024x768.jpg\" alt=\"\" class=\"wp-image-22304\" srcset=\"https:\/\/suco.org\/wp-content\/uploads\/2024\/12\/Benin_2024_Journee-de-lenvironnement-avec-ODDB_Credit-photo-Melissa-KABRE_PXL_20240605_144348569_2-1024x768.jpg 1024w, https:\/\/suco.org\/wp-content\/uploads\/2024\/12\/Benin_2024_Journee-de-lenvironnement-avec-ODDB_Credit-photo-Melissa-KABRE_PXL_20240605_144348569_2-300x225.jpg 300w, https:\/\/suco.org\/wp-content\/uploads\/2024\/12\/Benin_2024_Journee-de-lenvironnement-avec-ODDB_Credit-photo-Melissa-KABRE_PXL_20240605_144348569_2-768x576.jpg 768w, https:\/\/suco.org\/wp-content\/uploads\/2024\/12\/Benin_2024_Journee-de-lenvironnement-avec-ODDB_Credit-photo-Melissa-KABRE_PXL_20240605_144348569_2-1536x1152.jpg 1536w, https:\/\/suco.org\/wp-content\/uploads\/2024\/12\/Benin_2024_Journee-de-lenvironnement-avec-ODDB_Credit-photo-Melissa-KABRE_PXL_20240605_144348569_2.jpg 1920w\" sizes=\"auto, (max-width: 1024px) 100vw, 1024px\" \/><\/figure>\n<\/div>\n<\/div>\n\n\n\n<div class=\"wp-block-columns is-layout-flex wp-container-core-columns-is-layout-9d6595d7 wp-block-columns-is-layout-flex\">\n<div class=\"wp-block-column is-layout-flow wp-block-column-is-layout-flow\">\n<section class=\"cta-block theme-block alignwide\">\n  <div class=\"cta-block__wrapper round-style\">\n                      \n  <div class=\"cta-card\">\n    <div class=\"cta-card__inner\"  >\n      <div class=\"bg-decoration--over\"><\/div>\n      <div class=\"bg-decoration--under\"><\/div>\n              <div class=\"cta-card__icon\">\n          <svg width=\"65\" height=\"58\" viewBox=\"0 0 65 58\" version=\"1.1\" xmlns=\"http:\/\/www.w3.org\/2000\/svg\"><g id=\"Page-1\" stroke=\"none\" stroke-width=\"1\" fill=\"none\" fill-rule=\"evenodd\"><g id=\"Accueil\" transform=\"translate(-1041 -1434)\" fill-rule=\"nonzero\"><g id=\"Chaque-geste-compte\" transform=\"translate(0 1248)\"><g id=\"bloc_texte\" transform=\"translate(1040 166)\"><g id=\"texte\" transform=\"translate(1)\"><g id=\"heart\" transform=\"translate(0 20)\"><path d=\"M45.409 1.317c4.879 0 8.242 3.754 8.242 8.201 0 5.885-6.053 9.824-16.333 17.992C27.54 19.743 20.68 15.67 20.68 9.518c0-4.447 3.363-8.201 8.243-8.201 6.264 0 8.242 6.548 8.242 6.548s1.979-6.548 8.244-6.548z\" id=\"Path\" fill=\"#F8F7A4\"\/><path d=\"M42.795 43.876l15.364-5.108c1.649-.575 3.602-.032 4.434 1.458 1.131 2.022.141 4.253-1.779 4.996L37.316 55.227a15.207 15.207 0 01-6.118 1.283c-2.678 0-5.307-.704-7.603-2.037l-6.577-3.816c-1.518-.88-3.994-1.374-5.759-1.436V32.188h9.956c1.297 0 2.571.322 3.7.937l6.646 3.615c.377.205.8.312 1.233.312h8.144c2.084 0 3.773 1.633 3.773 3.649 0 1.362-.771 2.548-1.916 3.175z\" id=\"Path\" fill=\"#EFF2F3\"\/><path d=\"M11.26 30.836V47.58c-.004 1.317-1.057 2.383-2.356 2.383H1.84V28.446h7.065c1.302 0 2.355 1.07 2.355 2.39z\" id=\"Path\" fill=\"#CFD7DA\"\/><path d=\"M7.491 33.123a.94.94 0 00-.942.936.94.94 0 00.942.935.94.94 0 00.942-.935.94.94 0 00-.942-.936z\" id=\"Path\" fill=\"#000\"\/><path d=\"M58.402 36.825l-11.795 4.042a4.97 4.97 0 00.081-.884c0-2.751-2.244-4.99-5.004-4.99h-8.102c-.215 0-.427-.054-.615-.16l-6.61-3.706a8.786 8.786 0 00-4.295-1.123h-8.869a3.758 3.758 0 00-3.538-2.494H2.148a1.25 1.25 0 00-1.25 1.247V51.21c0 .689.56 1.247 1.25 1.247h7.507a3.76 3.76 0 003.503-2.4c1.416.175 3.055.593 4.085 1.209l6.543 3.914a15.99 15.99 0 008.208 2.267c2.29 0 4.51-.48 6.598-1.425L61.944 45.77c2.586-1.046 3.863-4.14 2.385-6.866-1.088-2.007-3.634-2.9-5.927-2.08zM10.906 48.72a1.25 1.25 0 01-1.25 1.242H3.398V30.005h6.256c.69 0 1.251.56 1.251 1.247V48.72zm50.087-5.257l-.04.016-23.39 10.268a13.478 13.478 0 01-12.49-.707l-6.543-3.914c-1.4-.838-3.407-1.349-5.121-1.553V32.499h8.653c1.074 0 2.134.277 3.068.802l6.61 3.706c.56.315 1.198.482 1.842.482h8.102a2.501 2.501 0 012.502 2.494 2.505 2.505 0 01-2.502 2.495H28.965a1.25 1.25 0 00-1.251 1.247c0 .689.56 1.247 1.251 1.247h12.719c.82 0 1.628-.203 2.345-.584l15.213-5.213c1.12-.404 2.389-.002 2.886.915.745 1.374.129 2.869-1.135 3.373z\" id=\"Shape\" fill=\"#000\"\/><path d=\"M37.728 30.018a1.228 1.228 0 001.607 0c10.009-8.64 16.2-13.012 16.2-19.807 0-5.375-3.82-9.83-9.188-9.83-3.525 0-6.224 2.024-7.962 5.06-1.735-3.03-4.431-5.06-7.962-5.06-4.109 0-7.544 2.652-8.751 6.757a1.227 1.227 0 002.354.687c.894-3.037 3.404-5 6.397-5 3.5 0 5.955 3.095 6.78 5.977a1.226 1.226 0 002.364 0c.016-.06 1.72-5.977 6.78-5.977 3.84 0 6.734 3.175 6.734 7.386 0 5.435-5.334 9.354-14.55 17.27-5.616-4.804-10.077-8.185-12.612-11.493a1.23 1.23 0 00-1.72-.23 1.22 1.22 0 00-.23 1.713c2.858 3.728 7.682 7.3 13.76 12.547zM20.68 12.542a.94.94 0 00-.942.936.94.94 0 00.942.935.94.94 0 00.942-.935.94.94 0 00-.942-.936z\" id=\"Path\" fill=\"#000\"\/><\/g><\/g><\/g><\/g><\/g><\/g><\/svg>        <\/div>\n      \n      <div class=\"cta-card__content\">\n                  <h3>Contribuye a nuestra misi\u00f3n<\/h3> \n                          <p>Haz una donaci\u00f3n hoy mismo<\/p> \n              <\/div>\n\n      \n              <div class=\"cta-card__arrow\">\n          <span class=\"arrow icon-arrowRight\"><\/span>\n        <\/div>\n        <a href=\"https:\/\/suco.org\/es\/donaciones\/\" class=\"cta-card__link\" target=\"http:\/\/_blank\"><\/a>\n          <\/div>\n  <\/div>\n            <\/div>\n<\/section>\n<\/div>\n\n\n\n<div class=\"wp-block-column is-layout-flow wp-block-column-is-layout-flow\">\n<section class=\"cta-block theme-block alignwide\">\n  <div class=\"cta-block__wrapper round-style\">\n                      \n  <div class=\"cta-card\">\n    <div class=\"cta-card__inner\"  >\n      <div class=\"bg-decoration--over\"><\/div>\n      <div class=\"bg-decoration--under\"><\/div>\n              <div class=\"cta-card__icon\">\n          <svg width=\"61\" height=\"60\" viewBox=\"0 0 61 60\" version=\"1.1\" xmlns=\"http:\/\/www.w3.org\/2000\/svg\"><g id=\"Page-1\" stroke=\"none\" stroke-width=\"1\" fill=\"none\" fill-rule=\"evenodd\"><g id=\"Accueil\" transform=\"translate(-160 -3479)\" fill-rule=\"nonzero\"><g id=\"Chaque-geste-compte\" transform=\"translate(160 3458)\"><g id=\"plant\" transform=\"translate(0 21)\"><path d=\"M39.536 46.366l14.419-5.108c1.547-.575 3.38-.032 4.16 1.458 1.062 2.022.133 4.253-1.669 4.996L34.394 57.717A13.526 13.526 0 0128.653 59a13.56 13.56 0 01-7.136-2.037l-6.172-3.816c-1.425-.88-3.749-1.375-5.404-1.436V34.677h9.343a6.91 6.91 0 013.473.938l6.236 3.614c.354.206.751.313 1.157.313h7.643c1.956 0 3.54 1.633 3.54 3.648a3.663 3.663 0 01-1.797 3.176z\" id=\"Path\" fill=\"#EFF2F3\"\/><path d=\"M9.941 33.326v16.742c-.003 1.318-.991 2.384-2.21 2.384H1.1V30.935h6.63c1.221 0 2.21 1.07 2.21 2.391z\" id=\"Path\" fill=\"#CFD7DA\"\/><path d=\"M6.405 35.613c-.488 0-.884.419-.884.935 0 .517.396.936.884.936s.884-.42.884-.936-.396-.935-.884-.935z\" id=\"Path\" fill=\"#000\"\/><path d=\"M54.182 39.315l-11.069 4.042c.049-.29.077-.585.077-.884 0-2.751-2.107-4.99-4.697-4.99h-7.604c-.201 0-.4-.055-.576-.16l-6.203-3.706a7.853 7.853 0 00-4.03-1.123h-8.324C11.27 31.043 9.966 30 8.436 30H1.39c-.648 0-1.174.558-1.174 1.247V53.7c0 .689.526 1.247 1.174 1.247h7.045c1.496 0 2.778-.998 3.287-2.4 1.33.175 2.868.592 3.834 1.208l6.14 3.914a14.315 14.315 0 007.703 2.267c2.15 0 4.234-.479 6.193-1.424L57.506 48.26c2.428-1.046 3.626-4.14 2.239-6.866-1.021-2.007-3.411-2.9-5.563-2.08zM9.609 51.21c-.002.685-.528 1.241-1.174 1.241h-5.87V32.495h5.87c.648 0 1.174.559 1.174 1.247V51.21zm47.005-5.257l-.037.016-21.951 10.268a11.92 11.92 0 01-5.227 1.204c-2.287 0-4.533-.66-6.494-1.912l-6.141-3.914c-1.315-.837-3.197-1.348-4.806-1.552V34.989h8.121c1.007 0 2.003.277 2.879.802l6.203 3.706a3.368 3.368 0 001.728.482h7.604c1.295 0 2.348 1.118 2.348 2.494 0 1.37-1.054 2.495-2.348 2.495H26.557c-.648 0-1.174.558-1.174 1.247 0 .689.526 1.247 1.174 1.247h11.936a4.47 4.47 0 002.201-.584l14.276-5.213c1.053-.404 2.242-.002 2.709.915.7 1.374.12 2.868-1.065 3.373z\" id=\"Shape\" fill=\"#000\"\/><g id=\"Group\" transform=\"translate(19.924 1)\" fill=\"#26DD9F\"><path d=\"M17.021 14.603s-.775-7.951 6.605-8.816c5.96-.698 7.752-1.962 8.153-2.32.038-.036.096-.005.095.05-.017.936-.235 6.109-2.998 9.464-4.66 5.66-11.855 1.622-11.855 1.622zm-2.933-4.363s.734-7.278-6.25-8.07C2.24 1.536.528.39.133.053a.061.061 0 00-.1.05c.018.89.235 5.596 2.837 8.653 4.41 5.18 11.218 1.485 11.218 1.485z\" id=\"Path\"\/><\/g><path d=\"M44.43 31c.731 0 1.107-.967.6-1.547-2.29-2.616-6.221-6.446-9.617-6.453h-.009c-3.395.007-7.326 3.837-9.616 6.453-.508.58-.132 1.547.6 1.547H44.43z\" id=\"Path\" fill=\"#A95C3E\"\/><path d=\"M45.036 29.453c-2.223-2.616-6.038-6.446-9.333-6.453h-.009c-.553.001-1.12.11-1.693.303C37.007 24.315 41.872 31 41.872 31h2.582c.71 0 1.075-.967.582-1.547z\" id=\"Path\" fill-opacity=\".642\" fill=\"#FFA17C\"\/><path d=\"M36.121 15.585V3.238c0-.288-.216-.52-.482-.52s-.482.232-.482.52v7.873l-.641-.6c.025-.603.015-2.097-.536-3.667-.657-1.873-2.225-4.196-5.962-4.63-5.78-.67-7.151-1.925-7.25-2.023a.442.442 0 00-.522-.163.504.504 0 00-.31.394c-.002.013-.005.025-.006.038a.564.564 0 00-.005.066v.006c-.003.228-.013 5.61 2.871 9.08 1.595 1.919 3.722 2.912 6.205 2.912.405 0 .82-.027 1.243-.08 1.72-.216 3.11-.81 3.696-1.092l1.217 1.137c-.006.047-.006 9.792 0 9.838-1.343.127-2.85.772-4.488 1.927a.547.547 0 00-.14.721.46.46 0 00.667.152c1.673-1.18 3.164-1.78 4.432-1.783h.01c3.192.007 7.023 3.772 9.023 6.016.134.151.09.317.065.382-.026.065-.107.216-.302.216h-17.58c-.195 0-.275-.151-.301-.216a.362.362 0 01.065-.382 33.266 33.266 0 012.8-2.809.55.55 0 00.068-.733.458.458 0 00-.679-.074 34.246 34.246 0 00-2.884 2.894 1.456 1.456 0 00-.258 1.512c.207.524.663.85 1.19.85h17.579c.527 0 .983-.326 1.19-.85a1.457 1.457 0 00-.258-1.513c-4.28-4.802-7.324-6.123-9.235-6.31v-5.363l1.373-1.284c.622.302 2.15.964 4.051 1.202.46.058.911.087 1.352.087 2.7 0 5.013-1.08 6.747-3.166 3.139-3.777 3.128-9.639 3.126-9.886V3.91a.565.565 0 00-.006-.07l-.002-.014a.554.554 0 00-.014-.06l-.003-.01a.545.545 0 00-.024-.064l-.006-.012a.516.516 0 00-.131-.17l-.003-.003a.491.491 0 00-.041-.03c-.004-.004-.009-.006-.013-.008a.525.525 0 00-.14-.058l-.012-.003a.44.44 0 00-.066-.008h-.004a.44.44 0 00-.062.002l-.012.001a.455.455 0 00-.063.013l-.01.003a.462.462 0 00-.055.02l-.009.004a.403.403 0 00-.057.033l-.01.006a.493.493 0 00-.051.041l-.003.002a.495.495 0 00-.047.052l-.005.005c-.002.003-.315.33-1.311.747-1.058.443-3.068 1.058-6.634 1.472-4.06.471-5.762 2.994-6.476 5.027-.607 1.73-.61 3.372-.582 4.011l-.797.745m-6.017-4.173c-2.719.334-4.936-.506-6.59-2.497-1.626-1.956-2.245-4.673-2.48-6.476 1.282 1.777 2.568 2.722 3.995 3.49a8.422 8.422 0 01-1.41.063c-.26 0-.473.222-.482.504-.009.287.2.528.466.538.119.004.234.006.348.006 1.263 0 2.172-.25 2.553-.377l.347.163c1.23.579 2.567 1.207 4.105 2.22-.715.272-1.79.57-2.78.41-.264-.042-.51.154-.549.439-.04.284.143.55.406.592.242.039.485.056.726.056 1.36 0 2.657-.544 3.197-.803.363.265.737.554 1.123.868a11.49 11.49 0 01-2.975.804zm-.581-4.41c-.038-.544-.188-1.695-.777-2.774a.463.463 0 00-.66-.185.545.545 0 00-.17.714c.322.592.486 1.224.57 1.71-.43-.211-.846-.407-1.25-.597-2.09-.982-3.708-1.743-5.321-3.907 1.177.45 3.051.945 6 1.288 2.596.3 4.33 1.623 5.151 3.93.33.927.445 1.84.479 2.501a25.566 25.566 0 00-4.022-2.68zm8.88 4.196c.898-2.56 2.808-4.027 5.676-4.36 3.349-.389 5.423-.955 6.693-1.46-1.654 2.272-3.302 3.17-5.365 4.15h-.004c-.183.088-.369.175-.558.264-.467.22-.947.445-1.444.691a6.39 6.39 0 01.523-1.739.542.542 0 00-.207-.702.467.467 0 00-.65.224c-.526 1.101-.662 2.218-.697 2.748a27.94 27.94 0 00-4.487 3 9.86 9.86 0 01.52-2.816zm10.523 1.909c-1.818 2.187-4.255 3.11-7.24 2.744a12.64 12.64 0 01-3.334-.913c.452-.37.89-.708 1.313-1.017.572.277 2 .884 3.496.884.23 0 .46-.014.69-.046.263-.037.45-.298.416-.583-.034-.285-.276-.487-.54-.45-1.11.154-2.302-.197-3.068-.497 1.716-1.14 3.203-1.838 4.57-2.481l.394-.185c.403.136 1.4.415 2.793.415h.092c.266-.003.48-.238.479-.526-.003-.288-.22-.519-.487-.517h-.083a9.04 9.04 0 01-1.33-.096c1.644-.87 3.114-1.93 4.582-4.012-.24 1.971-.905 5.068-2.743 7.28z\" id=\"Shape\" fill=\"#000\"\/><\/g><\/g><\/g><\/g><\/svg>        <\/div>\n      \n      <div class=\"cta-card__content\">\n                  <h3>Act\u00faa directamente en Benin con SUCO <\/h3> \n                          <p>Trabaja a nivel internacional como voluntario o voluntaria<\/p> \n              <\/div>\n\n      \n              <div class=\"cta-card__arrow\">\n          <span class=\"arrow icon-arrowRight\"><\/span>\n        <\/div>\n        <a href=\"https:\/\/suco.org\/es\/pasar-a-la-accion\/actuar-a-nivel-internacional\/\" class=\"cta-card__link\" target=\"\"><\/a>\n          <\/div>\n  <\/div>\n            <\/div>\n<\/section>\n<\/div>\n<\/div>\n\n\n\n<hr class=\"wp-block-separator has-alpha-channel-opacity\"\/>\n\n\n\n<div class=\"wp-block-media-text is-stacked-on-mobile is-image-fill-element has-large-font-size\" style=\"grid-template-columns:30% auto\"><figure class=\"wp-block-media-text__media\"><img loading=\"lazy\" decoding=\"async\" width=\"1024\" height=\"768\" src=\"https:\/\/suco.org\/wp-content\/uploads\/2022\/09\/Reboisement-26-aout-2020-1024x768.jpeg\" alt=\"\" class=\"wp-image-16538 size-full\" style=\"object-position:50% 50%\" srcset=\"https:\/\/suco.org\/wp-content\/uploads\/2022\/09\/Reboisement-26-aout-2020-1024x768.jpeg 1024w, https:\/\/suco.org\/wp-content\/uploads\/2022\/09\/Reboisement-26-aout-2020-300x225.jpeg 300w, https:\/\/suco.org\/wp-content\/uploads\/2022\/09\/Reboisement-26-aout-2020-768x576.jpeg 768w, https:\/\/suco.org\/wp-content\/uploads\/2022\/09\/Reboisement-26-aout-2020.jpeg 1040w\" sizes=\"auto, (max-width: 1024px) 100vw, 1024px\" \/><\/figure><div class=\"wp-block-media-text__content\">\n<blockquote class=\"wp-block-quote is-layout-flow wp-block-quote-is-layout-flow\">\n<p class=\"has-large-font-size\">\u00ab Ils nous ont donn\u00e9 plusieurs essences de plants fertilisants qu\u2019on a mis en terre et jusqu\u2019ici les r\u00e9sultats sont satisfaisants. \u00bb<\/p>\n\n\n\n<p>\u2013 Evelyne Zundjiwand, participante productrice de riz de la r\u00e9gion d\u2019Allah\u00e9<\/p>\n<\/blockquote>\n<\/div><\/div>\n\n\n\n<hr class=\"wp-block-separator has-alpha-channel-opacity\"\/>\n\n\n\n<h2 class=\"wp-block-heading has-text-align-center\">Nuestros ejes en acci\u00f3n<\/h2>\n\n\n\n<div class=\"wp-block-columns is-layout-flex wp-container-core-columns-is-layout-9d6595d7 wp-block-columns-is-layout-flex\">\n<div class=\"wp-block-column is-layout-flow wp-block-column-is-layout-flow\"><div class=\"wp-block-image is-style-default\">\n<figure class=\"aligncenter size-large is-resized\"><img loading=\"lazy\" decoding=\"async\" width=\"659\" height=\"1024\" src=\"https:\/\/suco.org\/wp-content\/uploads\/2024\/03\/icones-axe-RGB_DPF_Graine-COULEUR_blanc-659x1024.png\" alt=\"\" class=\"wp-image-21084\" style=\"width:145px\" srcset=\"https:\/\/suco.org\/wp-content\/uploads\/2024\/03\/icones-axe-RGB_DPF_Graine-COULEUR_blanc-659x1024.png 659w, https:\/\/suco.org\/wp-content\/uploads\/2024\/03\/icones-axe-RGB_DPF_Graine-COULEUR_blanc-193x300.png 193w, https:\/\/suco.org\/wp-content\/uploads\/2024\/03\/icones-axe-RGB_DPF_Graine-COULEUR_blanc-768x1194.png 768w, https:\/\/suco.org\/wp-content\/uploads\/2024\/03\/icones-axe-RGB_DPF_Graine-COULEUR_blanc-988x1536.png 988w, https:\/\/suco.org\/wp-content\/uploads\/2024\/03\/icones-axe-RGB_DPF_Graine-COULEUR_blanc.png 1235w\" sizes=\"auto, (max-width: 659px) 100vw, 659px\" \/><\/figure>\n<\/div>\n\n\n<h4 class=\"wp-block-heading has-text-align-center\"><strong><strong>DERECHOS Y PARTICIPACI\u00d3N DE LAS MUJERES<\/strong><\/strong><\/h4>\n\n\n\n<p>Valorar y reconocer la importancia de las actividades agr\u00edcolas, de transformaci\u00f3n y comercializaci\u00f3n de las mujeres rurales quechuas.<\/p>\n\n\n\n<p>Fortalecer su capacidad de expresi\u00f3n y abogac\u00eda para que puedan superar los obst\u00e1culos estructurales y culturales que limitan su participaci\u00f3n en la vida democr\u00e1tica comunitaria.<\/p>\n\n\n\n<p>Fomentar un acceso equitativo a los recursos financieros y t\u00e9cnicos para las mujeres, especialmente las j\u00f3venes productoras agr\u00edcolas.<\/p>\n\n\n\n<p>Fortalecer las organizaciones que trabajan espec\u00edficamente en cuestiones de salud sexual y reproductiva y la salud de las mujeres.<\/p>\n<\/div>\n\n\n\n<div class=\"wp-block-column is-layout-flow wp-block-column-is-layout-flow\"><div class=\"wp-block-image\">\n<figure class=\"aligncenter size-large is-resized\"><img loading=\"lazy\" decoding=\"async\" width=\"659\" height=\"1024\" src=\"https:\/\/suco.org\/wp-content\/uploads\/2024\/03\/icones-axe-RGB_RCC_Graine-COULEUR_blanc-659x1024.png\" alt=\"\" class=\"wp-image-21082\" style=\"width:145px\" srcset=\"https:\/\/suco.org\/wp-content\/uploads\/2024\/03\/icones-axe-RGB_RCC_Graine-COULEUR_blanc-659x1024.png 659w, https:\/\/suco.org\/wp-content\/uploads\/2024\/03\/icones-axe-RGB_RCC_Graine-COULEUR_blanc-193x300.png 193w, https:\/\/suco.org\/wp-content\/uploads\/2024\/03\/icones-axe-RGB_RCC_Graine-COULEUR_blanc-768x1194.png 768w, https:\/\/suco.org\/wp-content\/uploads\/2024\/03\/icones-axe-RGB_RCC_Graine-COULEUR_blanc-988x1536.png 988w, https:\/\/suco.org\/wp-content\/uploads\/2024\/03\/icones-axe-RGB_RCC_Graine-COULEUR_blanc.png 1235w\" sizes=\"auto, (max-width: 659px) 100vw, 659px\" \/><\/figure>\n<\/div>\n\n\n<h4 class=\"wp-block-heading has-text-align-center\"><strong> <strong>RESILIENCIA  AL CAMBIO CLIM\u00c1TICO<\/strong><\/strong><\/h4>\n\n\n\n<p>Fomentar sistemas de producci\u00f3n agroecol\u00f3gica basados en los conocimientos ancestrales de las poblaciones quechuas, mientras se enriquecen con t\u00e9cnicas y nuevas pr\u00e1cticas que favorezcan su resiliencia ante los cambios clim\u00e1ticos.<br><\/p>\n<\/div>\n\n\n\n<div class=\"wp-block-column is-layout-flow wp-block-column-is-layout-flow\"><div class=\"wp-block-image\">\n<figure class=\"aligncenter size-large is-resized\"><img loading=\"lazy\" decoding=\"async\" width=\"659\" height=\"1024\" src=\"https:\/\/suco.org\/wp-content\/uploads\/2024\/03\/icones-axe-RGB_SAV_Graine-COULEUR_blanc-659x1024.png\" alt=\"\" class=\"wp-image-21080\" style=\"width:145px\" srcset=\"https:\/\/suco.org\/wp-content\/uploads\/2024\/03\/icones-axe-RGB_SAV_Graine-COULEUR_blanc-659x1024.png 659w, https:\/\/suco.org\/wp-content\/uploads\/2024\/03\/icones-axe-RGB_SAV_Graine-COULEUR_blanc-193x300.png 193w, https:\/\/suco.org\/wp-content\/uploads\/2024\/03\/icones-axe-RGB_SAV_Graine-COULEUR_blanc-768x1194.png 768w, https:\/\/suco.org\/wp-content\/uploads\/2024\/03\/icones-axe-RGB_SAV_Graine-COULEUR_blanc-988x1536.png 988w, https:\/\/suco.org\/wp-content\/uploads\/2024\/03\/icones-axe-RGB_SAV_Graine-COULEUR_blanc.png 1235w\" sizes=\"auto, (max-width: 659px) 100vw, 659px\" \/><\/figure>\n<\/div>\n\n\n<h4 class=\"wp-block-heading has-text-align-center\"><strong><strong>SISTEMAS ALIMENTARIOS SOSTENIBLES<\/strong><\/strong><\/h4>\n\n\n\n<p>Valorar las plantas y cereales ind\u00edgenas (cultivados y silvestres) para contribuir a la soberan\u00eda alimentaria de las poblaciones.<\/p>\n\n\n\n<p>Formar a los j\u00f3venes en producci\u00f3n agr\u00edcola y fomentar el emprendimiento rural juvenil.<\/p>\n<\/div>\n<\/div>\n\n\n\n<section class=\"svg-inside-block\">\n  <h1 class=\"title-preview\">Icon inside block<\/h1>\n  <div class=\"svg-inside-block__preview\">\n          <div class=\"svg-inside-block__icon\">\n        <img decoding=\"async\" src=\"https:\/\/suco.org\/wp-content\/themes\/suco.org\/dist\/images\/svg\/suco-deux-cerles.svg\" alt=\"\">\n      <\/div>\n        <h2 class=\"svg-inside-block__title\">Fotos y videos<\/h2>\n  <\/div>\n    <div class=\"svg-inside-block__content\">\n\n<p><\/p>\n\n<\/div>\n<\/section>\n                    \n\n\n<section class=\"media-carousel-block theme-block alignfull\">\n  <div class=\"media-carousel__wrapper\">\n    <div class=\"media-carousel__row swiper-container\">\n      <div class=\"swiper-wrapper\">\n        \n                                            <div class=\"media-carousel__item media-carousel__image swiper-slide\">\n                                  <img decoding=\"async\" src=\"https:\/\/suco.org\/wp-content\/uploads\/2021\/08\/PXL_20230929_103511971.NIGHT_.jpg\"class=\"media-carousel__image\">\n                              <\/div>\n\n            \n                                    <div class=\"media-carousel__item media-carousel__image swiper-slide\">\n                                  <img decoding=\"async\" src=\"https:\/\/suco.org\/wp-content\/uploads\/2021\/08\/PXL_20240329_120057515.PORTRAIT-1.jpg\"class=\"media-carousel__image\">\n                              <\/div>\n\n            \n                                    <div class=\"media-carousel__item media-carousel__image swiper-slide\">\n                                  <img decoding=\"async\" src=\"https:\/\/suco.org\/wp-content\/uploads\/2021\/08\/Benin-Bohicon-2023-Reportage-photo-Journee-Internationale-de-la-femme-Caravane-organise-par-ONG-ALDIPE-CR-Melissa-KABRE-IMG_9189.jpg\"class=\"media-carousel__image\">\n                              <\/div>\n\n            \n                                    <div class=\"media-carousel__item media-carousel__image swiper-slide\">\n                                  <img decoding=\"async\" src=\"https:\/\/suco.org\/wp-content\/uploads\/2021\/08\/Benin-Allada-2023-Journee-Internationale-du-droit-de-la-femme-Atelier-de-sensibilisation-au-profit-de-30-eleves-organise-par-l_ONG-FSD-CR-Melissa-KABRE-IMG_9115-Copie-1.jpg\"class=\"media-carousel__image\">\n                              <\/div>\n\n            \n                                    <div class=\"media-carousel__item media-carousel__image swiper-slide\">\n                                  <img decoding=\"async\" src=\"https:\/\/suco.org\/wp-content\/uploads\/2021\/08\/Benin_2024_Fonds-Innov_Projet-Propae-de-JDE_Credit-photo-Melissa-KABRE_PXL_20240620_111529401.PORTRAIT.ORIGINAL-1.jpg\"class=\"media-carousel__image\">\n                              <\/div>\n\n            \n                                    <div class=\"media-carousel__item media-carousel__image swiper-slide\">\n                                  <img decoding=\"async\" src=\"https:\/\/suco.org\/wp-content\/uploads\/2021\/08\/Benin-2022-Reportage-photo-Visite-de-3-fermes-agroecologique-de-JDE-CR-Melissa-KABRE-IMG_8715.jpg\"class=\"media-carousel__image\">\n                              <\/div>\n\n            \n                                    <div class=\"media-carousel__item media-carousel__image swiper-slide\">\n                                  <img decoding=\"async\" src=\"https:\/\/suco.org\/wp-content\/uploads\/2021\/08\/IMG_6459-1.jpg\"class=\"media-carousel__image\">\n                              <\/div>\n\n            \n                                    <div class=\"media-carousel__item media-carousel__image swiper-slide\">\n                                  <img decoding=\"async\" src=\"https:\/\/suco.org\/wp-content\/uploads\/2021\/08\/Benin_2024_Fonds-innov_Projet-Nyonu-si-JVE_credit-photo-Raymond-KEKE_PXL_20240626_100058652.jpg\"class=\"media-carousel__image\">\n                              <\/div>\n\n            \n                                    <div class=\"media-carousel__item media-carousel__image swiper-slide\">\n                                  <img decoding=\"async\" src=\"https:\/\/suco.org\/wp-content\/uploads\/2021\/08\/Benin_2024_Fonds-innov_Projet-Nyonu-si-JVE_credit-photo-Raymond-KEKE_PXL_20240626_095715158.MP_.jpg\"class=\"media-carousel__image\">\n                              <\/div>\n\n            \n                                    <div class=\"media-carousel__item media-carousel__image swiper-slide\">\n                                  <img decoding=\"async\" src=\"https:\/\/suco.org\/wp-content\/uploads\/2021\/08\/IMG_6763.jpg\"class=\"media-carousel__image\">\n                              <\/div>\n\n            \n                                    <div class=\"media-carousel__item media-carousel__image swiper-slide\">\n                                  <img decoding=\"async\" src=\"https:\/\/suco.org\/wp-content\/uploads\/2021\/08\/Benin_2024_Fonds-innov_Projet-Nyonu-si-JVE_credit-photo-Raymond-KEKE_PXL_20240430_112959917.MP_.jpg\"class=\"media-carousel__image\">\n                              <\/div>\n\n            \n                                    <div class=\"media-carousel__item media-carousel__image swiper-slide\">\n                                  <img decoding=\"async\" src=\"https:\/\/suco.org\/wp-content\/uploads\/2021\/08\/Benin_2024_Journee-de-lenvironnement-avec-ODDB_Credit-photo-Melissa-KABRE_PXL_20240605_144610847.jpg\"class=\"media-carousel__image\">\n                              <\/div>\n\n            \n                  \n      <\/div>\n      <!-- Navigation & Pagination-->\n      <div class=\"media-carousel__pag-nav\">\n        <div class=\"swiper-button-prev nav-btn nav-btn-prev\"><\/div>\n        \n        <div class=\"media-carousel-pagination\">\n          <div class=\"swiper-pagination\"><\/div>\n        <\/div>  \n        \n        <div class=\"swiper-button-next nav-btn nav-btn-next\"><\/div>\n      <\/div>\n    <\/div><!-- END media_carousel__row -->\n  <\/div>\n<\/section>\n\n\n\n<section class=\"partner-block theme-block alignwide\">\n  <div class=\"partner-block__wrapper\">\n    <h2 class=\"partner-block__title\">Nuestros socios<\/h2>\n\n    <div class=\"partner-block__row swiper-container\">\n      <div class=\"swiper-wrapper\">\n                  <div class=\"partner-block__item swiper-slide\">\n            <a\n                            target='_blank' class=\"partner-block__link\">\n              <img decoding=\"async\" src=\"https:\/\/suco.org\/wp-content\/uploads\/2021\/08\/Logo_Organisation-pour-le-Developpement-Durable-et-la-Biodiversite-ODDB.jpg\" alt=\"\" class=\"partner-block__logo\">\n            <\/a>\n\n          <\/div>\n                  <div class=\"partner-block__item swiper-slide\">\n            <a\n                            target='_blank' class=\"partner-block__link\">\n              <img decoding=\"async\" src=\"https:\/\/suco.org\/wp-content\/uploads\/2021\/08\/Logo_Femmes-solidaires-pour-le-developpement.jpg\" alt=\"\" class=\"partner-block__logo\">\n            <\/a>\n\n          <\/div>\n                  <div class=\"partner-block__item swiper-slide\">\n            <a\n                            target='_blank' class=\"partner-block__link\">\n              <img decoding=\"async\" src=\"https:\/\/suco.org\/wp-content\/uploads\/2021\/08\/Logo_ASSOCIATION-NATIONALE-DES-FEMMES-ENTREPRENEURS-AGRICOLES-DU-BENIN-ANaFEA-BENIN.jpg\" alt=\"\" class=\"partner-block__logo\">\n            <\/a>\n\n          <\/div>\n                  <div class=\"partner-block__item swiper-slide\">\n            <a\n                            target='_blank' class=\"partner-block__link\">\n              <img decoding=\"async\" src=\"https:\/\/suco.org\/wp-content\/uploads\/2021\/08\/logo_CBDIB.png\" alt=\"\" class=\"partner-block__logo\">\n            <\/a>\n\n          <\/div>\n                  <div class=\"partner-block__item swiper-slide\">\n            <a\n                            target='_blank' class=\"partner-block__link\">\n              <img decoding=\"async\" src=\"https:\/\/suco.org\/wp-content\/uploads\/2021\/08\/Logo_ALDIPE.png\" alt=\"\" class=\"partner-block__logo\">\n            <\/a>\n\n          <\/div>\n                  <div class=\"partner-block__item swiper-slide\">\n            <a\n                            target='_blank' class=\"partner-block__link\">\n              <img decoding=\"async\" src=\"https:\/\/suco.org\/wp-content\/uploads\/2021\/08\/Logo_Jardins-de-lEspoir.jpg\" alt=\"\" class=\"partner-block__logo\">\n            <\/a>\n\n          <\/div>\n                  <div class=\"partner-block__item swiper-slide\">\n            <a\n                            target='_blank' class=\"partner-block__link\">\n              <img decoding=\"async\" src=\"https:\/\/suco.org\/wp-content\/uploads\/2021\/08\/logo-JVE-Benin.jpg\" alt=\"\" class=\"partner-block__logo\">\n            <\/a>\n\n          <\/div>\n        \n      <\/div>\n        \n      <div class=\"partner-block__nav swiper-button-next\"><\/div>\n      <div class=\"partner-block__nav swiper-button-prev\"><\/div>\n    <\/div><!-- END partner-block__row -->\n\n  <\/div><!-- END partner-block__wrapper -->\n<\/section>\n","protected":false},"featured_media":22465,"template":"","class_list":["post-17738","country","type-country","status-publish","has-post-thumbnail","hentry"],"acf":[],"_links":{"self":[{"href":"https:\/\/suco.org\/es\/wp-json\/wp\/v2\/country\/17738","targetHints":{"allow":["GET"]}}],"collection":[{"href":"https:\/\/suco.org\/es\/wp-json\/wp\/v2\/country"}],"about":[{"href":"https:\/\/suco.org\/es\/wp-json\/wp\/v2\/types\/country"}],"wp:featuredmedia":[{"embeddable":true,"href":"https:\/\/suco.org\/es\/wp-json\/wp\/v2\/media\/22465"}],"wp:attachment":[{"href":"https:\/\/suco.org\/es\/wp-json\/wp\/v2\/media?parent=17738"}],"curies":[{"name":"wp","href":"https:\/\/api.w.org\/{rel}","templated":true}]}}