{"id":17698,"date":"2022-11-14T16:02:00","date_gmt":"2022-11-14T20:02:00","guid":{"rendered":"http:\/\/wp232190.wpdns.ca\/?page_id=17698"},"modified":"2023-03-09T10:47:18","modified_gmt":"2023-03-09T14:47:18","slug":"nuestros-ejes","status":"publish","type":"page","link":"https:\/\/suco.org\/es\/nuestros-ejes\/","title":{"rendered":"Nuestros ejes"},"content":{"rendered":"<div class=\"block-accordion \">\n    <span class=\"block-accordion__label\">Accordion<\/span>\n    <h3 class=\"block-accordion__title\">ACTORES Y ACTRICES DEL CAMBIO<\/h3>\n    \n\n<div class=\"wp-block-columns is-layout-flex wp-container-core-columns-is-layout-9d6595d7 wp-block-columns-is-layout-flex\">\n<div class=\"wp-block-column is-layout-flow wp-block-column-is-layout-flow\">\n<p>Reunimos a actores y actrices del cambio a fin de fortalecer sus capacidades para de desempe\u00f1ar adecuadamente su rol. Proponemos oportunidades que permitan a ciudadanas y ciudadanos comprometerse positiva y concretamente con la transformaci\u00f3n de la sociedad.<\/p>\n<\/div>\n\n\n\n<div class=\"wp-block-column is-layout-flow wp-block-column-is-layout-flow\"><\/div>\n<\/div>\n\n\n\n<div class=\"wp-block-media-text alignwide has-media-on-the-right is-stacked-on-mobile\"><figure class=\"wp-block-media-text__media\"><img loading=\"lazy\" decoding=\"async\" width=\"1024\" height=\"853\" src=\"http:\/\/suco.org\/wp-content\/uploads\/2022\/11\/SUCO_sche\u2560uma_AAC-axes-final-WEB-RGB_ESP2021-1024x853.jpg\" alt=\"\" class=\"wp-image-17819 size-full\" srcset=\"https:\/\/suco.org\/wp-content\/uploads\/2022\/11\/SUCO_sche\u2560uma_AAC-axes-final-WEB-RGB_ESP2021-1024x853.jpg 1024w, https:\/\/suco.org\/wp-content\/uploads\/2022\/11\/SUCO_sche\u2560uma_AAC-axes-final-WEB-RGB_ESP2021-300x250.jpg 300w, https:\/\/suco.org\/wp-content\/uploads\/2022\/11\/SUCO_sche\u2560uma_AAC-axes-final-WEB-RGB_ESP2021-768x640.jpg 768w, https:\/\/suco.org\/wp-content\/uploads\/2022\/11\/SUCO_sche\u2560uma_AAC-axes-final-WEB-RGB_ESP2021-1536x1280.jpg 1536w, https:\/\/suco.org\/wp-content\/uploads\/2022\/11\/SUCO_sche\u2560uma_AAC-axes-final-WEB-RGB_ESP2021.jpg 1800w\" sizes=\"auto, (max-width: 1024px) 100vw, 1024px\" \/><\/figure><div class=\"wp-block-media-text__content\">\n<h3 class=\"wp-block-heading\">NUESTRO ROL<\/h3>\n\n\n\n<ul class=\"wp-block-list\"><li><strong>Facilitar<\/strong><br>Crear espacios de colaboraci\u00f3n e invitar a actores y actrices del cambio a conectarse y a aprender.<\/li><\/ul>\n\n\n\n<ul class=\"wp-block-list\"><li><strong>Experimentar<\/strong><br>Apoyar el desarrollo de competencias y conocimientos a fin de apoyar la innovaci\u00f3n.<\/li><\/ul>\n\n\n\n<ul class=\"wp-block-list\"><li><strong>Desarrollo empresarial<\/strong><br>Crear condiciones para la acci\u00f3n, el desarrollo y el acompa\u00f1amiento de proyectos.<\/li><\/ul>\n<\/div><\/div>\n\n\n\n<div class=\"wp-block-columns is-layout-flex wp-container-core-columns-is-layout-9d6595d7 wp-block-columns-is-layout-flex\">\n<div class=\"wp-block-column is-layout-flow wp-block-column-is-layout-flow\">\n<figure class=\"wp-block-embed is-type-video is-provider-youtube wp-block-embed-youtube wp-embed-aspect-16-9 wp-has-aspect-ratio\"><div class=\"wp-block-embed__wrapper\">\n<iframe loading=\"lazy\" title=\"Marina Rugama, serie Los\/las Audaces, vol. 2\" width=\"500\" height=\"281\" src=\"https:\/\/www.youtube.com\/embed\/r_jiw1bDQ3I?list=PLzyzJCC0-emp5WZQVrEM3NUuYeEXyYQmh\" frameborder=\"0\" allow=\"accelerometer; autoplay; clipboard-write; encrypted-media; gyroscope; picture-in-picture; web-share\" referrerpolicy=\"strict-origin-when-cross-origin\" allowfullscreen><\/iframe>\n<\/div><\/figure>\n<\/div>\n\n\n\n<div class=\"wp-block-column is-layout-flow wp-block-column-is-layout-flow\">\n<h3 class=\"wp-block-heading\">A DESCUBRIR<\/h3>\n\n\n\n<p>La serie <a href=\"https:\/\/www.youtube.com\/playlist?list=PLzyzJCC0-emp5WZQVrEM3NUuYeEXyYQmh\" target=\"_blank\" rel=\"noopener\"><em>Las y los audaces<\/em> (<em>Les audacieux\u00b7euses<\/em>)<\/a> trata acera de personas que se atreven, personas que no esperan a que se les diga qu\u00e9 hacer o c\u00f3mo hacerlo. Son personas de acci\u00f3n. Personas que act\u00faan, que encuentran soluciones y que re\u00fanen a otros cuando el problema es com\u00fan para encontrar soluciones comunes. Son, pues, aquellas mujeres y hombres audaces de SUCO.<\/p>\n<\/div>\n<\/div>\n\n\n<\/div>\n\n                    \n\n\n<div class=\"block-accordion \">\n    <span class=\"block-accordion__label\">Accordion<\/span>\n    <h3 class=\"block-accordion__title\">DERECHOS Y PARTICIPACI\u00d3N DE LAS MUJERES<\/h3>\n    \n\n<div class=\"wp-block-columns is-layout-flex wp-container-core-columns-is-layout-9d6595d7 wp-block-columns-is-layout-flex\">\n<div class=\"wp-block-column is-layout-flow wp-block-column-is-layout-flow\">\n<p>A trav\u00e9s de un an\u00e1lisis interseccional, abordamos la realidad de las mujeres de forma diferenciada y, junto con ellas, construimos soluciones adaptadas. Implementamos condiciones que garanticen el respeto de los derechos de las mujeres y su participaci\u00f3n en el desarrollo de las soluciones y de los beneficios que se derivan de ellas.<\/p>\n<\/div>\n\n\n\n<div class=\"wp-block-column is-layout-flow wp-block-column-is-layout-flow\"><\/div>\n<\/div>\n\n\n\n<div class=\"wp-block-media-text alignwide has-media-on-the-right is-stacked-on-mobile\"><figure class=\"wp-block-media-text__media\"><img loading=\"lazy\" decoding=\"async\" width=\"1024\" height=\"853\" src=\"http:\/\/suco.org\/wp-content\/uploads\/2022\/11\/SUCO_sche\u2560uma_SAV-axes-final-WEB-RGB_ESP2021-1024x853.jpg\" alt=\"\" class=\"wp-image-17822 size-full\" srcset=\"https:\/\/suco.org\/wp-content\/uploads\/2022\/11\/SUCO_sche\u2560uma_SAV-axes-final-WEB-RGB_ESP2021-1024x853.jpg 1024w, https:\/\/suco.org\/wp-content\/uploads\/2022\/11\/SUCO_sche\u2560uma_SAV-axes-final-WEB-RGB_ESP2021-300x250.jpg 300w, https:\/\/suco.org\/wp-content\/uploads\/2022\/11\/SUCO_sche\u2560uma_SAV-axes-final-WEB-RGB_ESP2021-768x640.jpg 768w, https:\/\/suco.org\/wp-content\/uploads\/2022\/11\/SUCO_sche\u2560uma_SAV-axes-final-WEB-RGB_ESP2021-1536x1280.jpg 1536w, https:\/\/suco.org\/wp-content\/uploads\/2022\/11\/SUCO_sche\u2560uma_SAV-axes-final-WEB-RGB_ESP2021.jpg 1800w\" sizes=\"auto, (max-width: 1024px) 100vw, 1024px\" \/><\/figure><div class=\"wp-block-media-text__content\">\n<h3 class=\"wp-block-heading\">ACCIONES QUE TIENEN IMPACTO<\/h3>\n\n\n\n<ul class=\"wp-block-list\"><li>Sensibilizaci\u00f3n a personas y a organizaciones socias acerca de los derechos, los roles sociales y las desigualdades de g\u00e9nero.<\/li><li>Fortalecimiento de las habilidades t\u00e9cnicas y de la toma de la palabra de las mujeres.<\/li><li>Desarrollo del esp\u00edritu empresarial de las mujeres.<\/li><li>Campa\u00f1as acerca de los derechos de la mujer, la violencia contra la mujer, la salud sexual y la educaci\u00f3n.<\/li><\/ul>\n<\/div><\/div>\n\n\n\n<div class=\"wp-block-columns is-layout-flex wp-container-core-columns-is-layout-9d6595d7 wp-block-columns-is-layout-flex\">\n<div class=\"wp-block-column is-layout-flow wp-block-column-is-layout-flow\">\n<figure class=\"wp-block-embed is-type-video is-provider-youtube wp-block-embed-youtube wp-embed-aspect-16-9 wp-has-aspect-ratio\"><div class=\"wp-block-embed__wrapper\">\n<iframe loading=\"lazy\" title=\"La solidaridad de las mujeres en el centro de la soberan\u00eda alimentaria\" width=\"500\" height=\"281\" src=\"https:\/\/www.youtube.com\/embed\/WRS4JSoLtbs?feature=oembed\" frameborder=\"0\" allow=\"accelerometer; autoplay; clipboard-write; encrypted-media; gyroscope; picture-in-picture; web-share\" referrerpolicy=\"strict-origin-when-cross-origin\" allowfullscreen><\/iframe>\n<\/div><\/figure>\n<\/div>\n\n\n\n<div class=\"wp-block-column is-layout-flow wp-block-column-is-layout-flow\">\n<h3 class=\"uppercase wp-block-heading\">A DESCUBRIR<\/h3>\n\n\n\n<p>Reportaje de Gabrielle Lauzon y Dahlia Jiwan, ex consultoras en igualdad de g\u00e9nero, en Per\u00fa y Senegal. Las dos mujeres se encuentran con mujeres del sector agr\u00edcola que desaf\u00edan el statu quo, apoy\u00e1ndose en la solidaridad entre las mujeres.<\/p>\n<\/div>\n<\/div>\n\n\n<\/div>\n\n                    \n\n\n<div class=\"block-accordion \">\n    <span class=\"block-accordion__label\">Accordion<\/span>\n    <h3 class=\"block-accordion__title\">RESILIENCIA AL CAMBIO CLIM\u00c1TICO<\/h3>\n    \n\n<div class=\"wp-block-columns is-layout-flex wp-container-core-columns-is-layout-9d6595d7 wp-block-columns-is-layout-flex\">\n<div class=\"wp-block-column is-layout-flow wp-block-column-is-layout-flow\">\n<p>La resiliencia al cambio clim\u00e1tico es la capacidad de un sistema, una comunidad o una sociedad expuesta a \u00e9ste para resistir, absorber, adaptarse y recuperarse de sus efectos de forma r\u00e1pida y eficaz, particularmente manteniendo y restaurando sus estructuras y funciones esenciales. Dado que las poblaciones rurales pobres son particularmente vulnerables, trabajamos a fin de aumentar su resiliencia frente al cambio clim\u00e1tico por medio de soluciones concretas e innovadoras.<\/p>\n<\/div>\n\n\n\n<div class=\"wp-block-column is-layout-flow wp-block-column-is-layout-flow\"><\/div>\n<\/div>\n\n\n\n<div class=\"wp-block-media-text alignwide has-media-on-the-right is-stacked-on-mobile\"><figure class=\"wp-block-media-text__media\"><img loading=\"lazy\" decoding=\"async\" width=\"1024\" height=\"853\" src=\"http:\/\/suco.org\/wp-content\/uploads\/2022\/11\/SUCO_sche\u2560uma_RCC-axes-final-WEB-RGB_ESP2021-1024x853.jpg\" alt=\"\" class=\"wp-image-17825 size-full\" srcset=\"https:\/\/suco.org\/wp-content\/uploads\/2022\/11\/SUCO_sche\u2560uma_RCC-axes-final-WEB-RGB_ESP2021-1024x853.jpg 1024w, https:\/\/suco.org\/wp-content\/uploads\/2022\/11\/SUCO_sche\u2560uma_RCC-axes-final-WEB-RGB_ESP2021-300x250.jpg 300w, https:\/\/suco.org\/wp-content\/uploads\/2022\/11\/SUCO_sche\u2560uma_RCC-axes-final-WEB-RGB_ESP2021-768x640.jpg 768w, https:\/\/suco.org\/wp-content\/uploads\/2022\/11\/SUCO_sche\u2560uma_RCC-axes-final-WEB-RGB_ESP2021-1536x1280.jpg 1536w, https:\/\/suco.org\/wp-content\/uploads\/2022\/11\/SUCO_sche\u2560uma_RCC-axes-final-WEB-RGB_ESP2021.jpg 1800w\" sizes=\"auto, (max-width: 1024px) 100vw, 1024px\" \/><\/figure><div class=\"wp-block-media-text__content\">\n<h3 class=\"wp-block-heading\">ACCIONES QUE TIENEN IMPACTO<\/h3>\n\n\n\n<ul class=\"wp-block-list\"><li>Sensibilizaci\u00f3n y formaci\u00f3n de personas en agroecolog\u00eda y adaptaci\u00f3n al cambio clim\u00e1tico, incluyendo a las y los actores pol\u00edticos.<\/li><li>Intercambio de pr\u00e1cticas y saberes<\/li><li>Fortalecimiento del lugar que ocupan mujeres y j\u00f3venes en la sociedad.<\/li><li>Promoci\u00f3n de los mercados locales y de la venta directa.<\/li><\/ul>\n\n\n\n<p><\/p>\n<\/div><\/div>\n\n\n\n<div class=\"wp-block-columns is-layout-flex wp-container-core-columns-is-layout-9d6595d7 wp-block-columns-is-layout-flex\">\n<div class=\"wp-block-column is-layout-flow wp-block-column-is-layout-flow\">\n<figure class=\"wp-block-embed is-type-video is-provider-youtube wp-block-embed-youtube wp-embed-aspect-16-9 wp-has-aspect-ratio\"><div class=\"wp-block-embed__wrapper\">\n<iframe loading=\"lazy\" title=\"La voix de l&#039;agriculture familiale\" width=\"500\" height=\"281\" src=\"https:\/\/www.youtube.com\/embed\/5YGs4ItCvtc?feature=oembed\" frameborder=\"0\" allow=\"accelerometer; autoplay; clipboard-write; encrypted-media; gyroscope; picture-in-picture; web-share\" referrerpolicy=\"strict-origin-when-cross-origin\" allowfullscreen><\/iframe>\n<\/div><\/figure>\n<\/div>\n\n\n\n<div class=\"wp-block-column is-layout-flow wp-block-column-is-layout-flow\">\n<h3 class=\"uppercase wp-block-heading\">A DESCUBRIR<\/h3>\n\n\n\n<p>El documental \u201cVoces del campo: Valoraci\u00f3n, la historia de Marimar y Marco\u201d. Marimar Rodr\u00edguez y Marco Arteaga buscan recuperar los andenes preincas del distrito de Laraos en Lima. En ellos siembran aguaymanto que luego transforman en mermelada que venden entre los y las visitantes de la Reserva Paisaj\u00edstica Nor Yauyos Cochas, a la vez que les sensibilizan sobre el cuidado de los andenes y del medio ambiente.<\/p>\n<\/div>\n<\/div>\n\n\n<\/div>\n\n                    \n\n\n<div class=\"block-accordion \">\n    <span class=\"block-accordion__label\">Accordion<\/span>\n    <h3 class=\"block-accordion__title\"> SISTEMAS ALIMENTARIOS SOSTENIBLES<\/h3>\n    \n\n<div class=\"wp-block-columns is-layout-flex wp-container-core-columns-is-layout-9d6595d7 wp-block-columns-is-layout-flex\">\n<div class=\"wp-block-column is-layout-flow wp-block-column-is-layout-flow\">\n<p>SUCO re\u00fane a personas y recursos a fin de ayudar a numerosas comunidades a mejorar su autosuficiencia alimentaria mediante la implementaci\u00f3n de sistemas alimentarios viables. Se trata de apoyar a agricultoras y agricultores en la producci\u00f3n de m\u00e1s alimentos de mejor calidad, necesarios para su nutrici\u00f3n, as\u00ed como para ganarse la vida y mantener a sus familias, respetando a la vez el medio ambiente.<\/p>\n<\/div>\n\n\n\n<div class=\"wp-block-column is-layout-flow wp-block-column-is-layout-flow\"><\/div>\n<\/div>\n\n\n\n<div class=\"wp-block-media-text alignwide has-media-on-the-right is-stacked-on-mobile\"><figure class=\"wp-block-media-text__media\"><img loading=\"lazy\" decoding=\"async\" width=\"1024\" height=\"853\" src=\"http:\/\/suco.org\/wp-content\/uploads\/2022\/11\/SUCO_sche\u2560uma_DPF-axes-final-WEB-RGB_ESP2021-1024x853.jpg\" alt=\"\" class=\"wp-image-17828 size-full\" srcset=\"https:\/\/suco.org\/wp-content\/uploads\/2022\/11\/SUCO_sche\u2560uma_DPF-axes-final-WEB-RGB_ESP2021-1024x853.jpg 1024w, https:\/\/suco.org\/wp-content\/uploads\/2022\/11\/SUCO_sche\u2560uma_DPF-axes-final-WEB-RGB_ESP2021-300x250.jpg 300w, https:\/\/suco.org\/wp-content\/uploads\/2022\/11\/SUCO_sche\u2560uma_DPF-axes-final-WEB-RGB_ESP2021-768x640.jpg 768w, https:\/\/suco.org\/wp-content\/uploads\/2022\/11\/SUCO_sche\u2560uma_DPF-axes-final-WEB-RGB_ESP2021-1536x1280.jpg 1536w, https:\/\/suco.org\/wp-content\/uploads\/2022\/11\/SUCO_sche\u2560uma_DPF-axes-final-WEB-RGB_ESP2021.jpg 1800w\" sizes=\"auto, (max-width: 1024px) 100vw, 1024px\" \/><\/figure><div class=\"wp-block-media-text__content\">\n<h3 class=\"wp-block-heading\">ACCIONES QUE TIENEN IMPACTO<\/h3>\n\n\n\n<ul class=\"wp-block-list\"><li>Formaci\u00f3n t\u00e9cnica de individuos<\/li><li>Fortalecimiento organizacional de colectividades, de cooperativas o de peque\u00f1as empresas<\/li><li>Desarrollo del esp\u00edritu empresarial<\/li><li>Fortalecimiento de la participaci\u00f3n de las mujeres y los j\u00f3venes<\/li><\/ul>\n\n\n\n<p><\/p>\n<\/div><\/div>\n\n\n\n<div class=\"wp-block-columns is-layout-flex wp-container-core-columns-is-layout-9d6595d7 wp-block-columns-is-layout-flex\">\n<div class=\"wp-block-column is-layout-flow wp-block-column-is-layout-flow\">\n<figure class=\"wp-block-embed is-type-video is-provider-youtube wp-block-embed-youtube wp-embed-aspect-16-9 wp-has-aspect-ratio\"><div class=\"wp-block-embed__wrapper\">\n<iframe loading=\"lazy\" title=\"Voces del campo: Empoderamiento, la historia de Mery\" width=\"500\" height=\"281\" src=\"https:\/\/www.youtube.com\/embed\/-Ho5iBKS5Wg?feature=oembed\" frameborder=\"0\" allow=\"accelerometer; autoplay; clipboard-write; encrypted-media; gyroscope; picture-in-picture; web-share\" referrerpolicy=\"strict-origin-when-cross-origin\" allowfullscreen><\/iframe>\n<\/div><\/figure>\n<\/div>\n\n\n\n<div class=\"wp-block-column is-layout-flow wp-block-column-is-layout-flow\">\n<h3 class=\"uppercase wp-block-heading\">A DESCUBRIR<\/h3>\n\n\n\n<p>La historia de Mery Urbano, participante en el proyecto Formagro, en Per\u00fa. Tecn\u00f3loga agr\u00edcola, su experiencia en la regi\u00f3n monta\u00f1osa de Callahuanca le ha permitido impulsar un desarrollo agr\u00edcola inclusivo y sostenible en su comunidad rural.<\/p>\n<\/div>\n<\/div>\n\n\n<\/div>\n\n                    \n","protected":false},"excerpt":{"rendered":"","protected":false},"author":5,"featured_media":17371,"parent":0,"menu_order":0,"comment_status":"closed","ping_status":"closed","template":"","meta":{"_acf_changed":false,"_relevanssi_hide_post":"","_relevanssi_hide_content":"","_relevanssi_pin_for_all":"","_relevanssi_pin_keywords":"","_relevanssi_unpin_keywords":"","_relevanssi_related_keywords":"","_relevanssi_related_include_ids":"","_relevanssi_related_exclude_ids":"","_relevanssi_related_no_append":"","_relevanssi_related_not_related":"","_relevanssi_related_posts":"18036,18029,18009,18032","_relevanssi_noindex_reason":"","footnotes":""},"class_list":["post-17698","page","type-page","status-publish","has-post-thumbnail","hentry"],"acf":[],"_links":{"self":[{"href":"https:\/\/suco.org\/es\/wp-json\/wp\/v2\/pages\/17698","targetHints":{"allow":["GET"]}}],"collection":[{"href":"https:\/\/suco.org\/es\/wp-json\/wp\/v2\/pages"}],"about":[{"href":"https:\/\/suco.org\/es\/wp-json\/wp\/v2\/types\/page"}],"author":[{"embeddable":true,"href":"https:\/\/suco.org\/es\/wp-json\/wp\/v2\/users\/5"}],"replies":[{"embeddable":true,"href":"https:\/\/suco.org\/es\/wp-json\/wp\/v2\/comments?post=17698"}],"version-history":[{"count":8,"href":"https:\/\/suco.org\/es\/wp-json\/wp\/v2\/pages\/17698\/revisions"}],"predecessor-version":[{"id":18993,"href":"https:\/\/suco.org\/es\/wp-json\/wp\/v2\/pages\/17698\/revisions\/18993"}],"wp:featuredmedia":[{"embeddable":true,"href":"https:\/\/suco.org\/es\/wp-json\/wp\/v2\/media\/17371"}],"wp:attachment":[{"href":"https:\/\/suco.org\/es\/wp-json\/wp\/v2\/media?parent=17698"}],"curies":[{"name":"wp","href":"https:\/\/api.w.org\/{rel}","templated":true}]}}